{"id":346,"date":"2017-02-16T13:20:07","date_gmt":"2017-02-16T13:20:07","guid":{"rendered":"https:\/\/drdenizusumus.com\/?page_id=346"},"modified":"2024-10-17T11:56:23","modified_gmt":"2024-10-17T08:56:23","slug":"maison-4","status":"publish","type":"page","link":"https:\/\/drdenizusumus.com\/fr\/homeopathie\/","title":{"rendered":"Hom\u00e9opathie"},"content":{"rendered":"<section class=\"wpb-content-wrapper\"><div data-vc-full-width=\"true\" data-vc-full-width-init=\"false\" class=\"vc_row wpb_row vc_row-fluid vc_custom_1720529022956 vc_row-has-fill vc_row-o-equal-height vc_row-o-content-middle vc_row-flex\"><div class=\"wpb_column vc_column_container vc_col-sm-4 sc_layouts_column_icons_position_left\"><div class=\"vc_column-inner\"><div class=\"wpb_wrapper\">\n\t<div  class=\"wpb_single_image wpb_content_element vc_align_center   tedaviler-icerik-kare-gorseller\">\n\t\t\n\t\t<figure class=\"wpb_wrapper vc_figure\">\n\t\t\t<div class=\"vc_single_image-wrapper   vc_box_border_grey\"><img loading=\"lazy\" decoding=\"async\" width=\"375\" height=\"475\" src=\"https:\/\/drdenizusumus.com\/wp-content\/uploads\/2024\/10\/homeopati-nedir.jpg\" class=\"vc_single_image-img attachment-full\" alt=\"Qu\u2019est-ce que l\u2019hom\u00e9opathie ?\" title=\"Qu\u2019est-ce que l\u2019hom\u00e9opathie ?\" srcset=\"https:\/\/drdenizusumus.com\/wp-content\/uploads\/2024\/10\/homeopati-nedir.jpg 375w, https:\/\/drdenizusumus.com\/wp-content\/uploads\/2024\/10\/homeopati-nedir-237x300.jpg 237w, https:\/\/drdenizusumus.com\/wp-content\/uploads\/2024\/10\/homeopati-nedir-370x469.jpg 370w\" sizes=\"auto, (max-width: 375px) 100vw, 375px\" \/><\/div>\n\t\t<\/figure>\n\t<\/div>\n<\/div><\/div><\/div><div class=\"wpb_animate_when_almost_visible wpb_fadeInRight fadeInRight wpb_column vc_column_container vc_col-sm-8 sc_layouts_column_icons_position_left\"><div class=\"vc_column-inner\"><div class=\"wpb_wrapper\">\n\t<div class=\"wpb_text_column wpb_content_element  homeoterapi-hero-text\" >\n\t\t<div class=\"wpb_wrapper\">\n\t\t\t<h1 style=\"font-size: 50px;\">Hom\u00e9opathie<\/h1>\n<h2>Hom\u00e9opathie pour b\u00e9b\u00e9s et enfants<\/h2>\n<p>Il s\u2019agit d\u2019une m\u00e9thode qui propose un traitement holistique et permanent avec des effets secondaires naturels. C\u2019est la combinaison des mots hom\u00e9opathie (similaire) et pathos, c\u2019est-\u00e0-dire maladie. En hom\u00e9opathie, lorsqu&#039;une substance est administr\u00e9e \u00e0 une personne en bonne sant\u00e9, elle provoque des sympt\u00f4mes similaires \u00e0 ceux de la maladie chez ces personnes. Les personnes qui souffrent r\u00e9ellement de cette maladie peuvent \u00eatre trait\u00e9es avec cette substance active.<\/p>\n<p>Bref, le traitement du semblable par le semblable constitue le principe de base de l&#039;hom\u00e9opathie.<\/p>\n<p>Tous les organismes ont la capacit\u00e9 de r\u00e9pondre aux stimuli, \u00e0 la reproduction, \u00e0 la croissance et au d\u00e9veloppement, et de maintenir l&#039;hom\u00e9ostasie dans son ensemble.<\/p>\n<p>La d\u00e9finition actuelle de l&#039;Organisation mondiale de la sant\u00e9 (OMS) est que la sant\u00e9 est un \u00e9tat de complet bien-\u00eatre physique, mental et social et ne peut se limiter \u00e0 l&#039;absence de maladie ou de handicap.<\/p>\n\n\t\t<\/div>\n\t<\/div>\n<\/div><\/div><\/div><\/div><div class=\"vc_row-full-width vc_clearfix\"><\/div><div data-vc-full-width=\"true\" data-vc-full-width-init=\"false\" class=\"vc_row wpb_row vc_row-fluid wpb_animate_when_almost_visible wpb_fadeInUp fadeInUp vc_custom_1727968132289 vc_row-has-fill vc_row-o-equal-height vc_row-flex\"><div class=\"wpb_column vc_column_container vc_col-sm-3\/5 sc_layouts_column_icons_position_left\"><div class=\"vc_column-inner\"><div class=\"wpb_wrapper\">\n\t<div class=\"wpb_text_column wpb_content_element  homeoterapi-hero-text\" >\n\t\t<div class=\"wpb_wrapper\">\n\t\t\t<ul>\n<li>Les sympt\u00f4mes sont le chemin de la gu\u00e9rison.<\/li>\n<li>En hom\u00e9opathie, un suivi r\u00e9gulier est important en fonction de l&#039;\u00e9volution de la maladie.<\/li>\n<li>Il n\u2019a aucune toxicit\u00e9 ni effets secondaires. C&#039;est un traitement g\u00e9n\u00e9ral pour tous les sympt\u00f4mes et maladies.<\/li>\n<li>Il essaie de traiter la maladie sous-jacente et les sympt\u00f4mes s\u2019am\u00e9liorent en cons\u00e9quence.<\/li>\n<li>L&#039;hom\u00e9opathie est une m\u00e9decine de connaissance. Il garantit une restructuration correcte des informations.<\/li>\n<li>Des sympt\u00f4mes similaires sont trait\u00e9s avec des m\u00e9dicaments similaires.<\/li>\n<li>Un seul rem\u00e8de peut \u00eatre administr\u00e9 \u00e0 la fois. Votre hom\u00e9opathe vous le prescrira en fonction de votre clinique et de vos sympt\u00f4mes.<\/li>\n<li>En hom\u00e9opathie, les sympt\u00f4mes sont sp\u00e9cifiques au patient et non \u00e0 la maladie.<\/li>\n<li>En hom\u00e9opathie, la premi\u00e8re rencontre prend beaucoup de temps. La personne explique sa vie au m\u00e9decin d\u00e8s sa naissance.<\/li>\n<li>Il n&#039;est peut-\u00eatre pas toujours possible pour les gens de raconter leur propre vie de mani\u00e8re impartiale d\u00e8s la premi\u00e8re s\u00e9ance, mais au fil du temps, le transfert d&#039;informations se poursuit dans toute sa simplicit\u00e9 \u00e0 travers l&#039;hom\u00e9opathie et le dialogue entre eux. Cela permet \u00e0 l&#039;hom\u00e9opathie de bien conna\u00eetre la personne, si n\u00e9cessaire, d&#039;ouvrir certaines couches devant la personne et d&#039;acc\u00e9l\u00e9rer la gu\u00e9rison.<\/li>\n<\/ul>\n<h4>Pourquoi devrions-nous choisir l\u2019hom\u00e9opathie ?<\/h4>\n<ul>\n<li>Naturel<\/li>\n<li>Digne de confiance<\/li>\n<li>C\u2019est efficace et n\u2019a aucun effet secondaire<\/li>\n<li>Donne des r\u00e9sultats permanents<\/li>\n<\/ul>\n<h4>Comment \u00e7a marche ?<\/h4>\n<p>Il s&#039;agit de l&#039;apport d&#039;une substance qui provoque des sympt\u00f4mes de maladie lorsqu&#039;elle est administr\u00e9e \u00e0 fortes doses \u00e0 une personne en bonne sant\u00e9, \u00e0 un patient pr\u00e9sentant des sympt\u00f4mes similaires \u00e0 tr\u00e8s faible dose, entra\u00eenant ainsi sa gu\u00e9rison.<\/p>\n<p>Utilis\u00e9e conform\u00e9ment \u00e0 ses principes, c\u2019est une m\u00e9thode de gu\u00e9rison naturelle, sans effets secondaires et dot\u00e9e d\u2019une approche holistique.<\/p>\n<p><strong>Pourquoi est-il important que les enfants commencent et poursuivent leur vie avec l\u2019hom\u00e9opathie ?<\/strong><\/p>\n<p>Les mois d&#039;attente excit\u00e9e de la m\u00e8re seront le d\u00e9but d&#039;une p\u00e9riode incroyablement protectrice et sensible qu&#039;elle ressentira lorsqu&#039;elle tiendra son b\u00e9b\u00e9 dans ses bras. C&#039;est pour cette raison que soutenir le renforcement de l&#039;immunit\u00e9 des b\u00e9b\u00e9s est l&#039;un des sentiments les plus recherch\u00e9s par toutes les m\u00e8res qui tiennent leur b\u00e9b\u00e9 dans leurs bras. Le syst\u00e8me immunitaire des nouveau-n\u00e9s commence \u00e0 se d\u00e9velopper dans l\u2019ut\u00e9rus. Cela fait partie int\u00e9grante de la programmation consciente de la m\u00e8re quant \u00e0 ce qui doit \u00eatre fait avant la grossesse pour qu&#039;un b\u00e9b\u00e9 en bonne sant\u00e9 naisse. Pendant la grossesse, l&#039;anticorps qui combat les maladies du syst\u00e8me immunitaire de la m\u00e8re atteint le b\u00e9b\u00e9 par la voie placentaire, de sorte que le b\u00e9b\u00e9 est sous la protection de la m\u00e8re pendant un certain temps. Ces anticorps prot\u00e8gent le b\u00e9b\u00e9 des maladies courantes au cours des premiers mois de sa vie. Pendant cette p\u00e9riode, soutenir le syst\u00e8me immunitaire des b\u00e9b\u00e9s gr\u00e2ce \u00e0 l&#039;hom\u00e9opathie peut \u00eatre un traitement tr\u00e8s efficace, car nous savons \u00e0 quel point leurs propres d\u00e9fenses sont renforc\u00e9es et leur \u00e9nergie vitale est \u00e9lev\u00e9e.<\/p>\n\n\t\t<\/div>\n\t<\/div>\n<\/div><\/div><\/div><div class=\"wpb_column vc_column_container vc_col-sm-2\/5 sc_layouts_column_icons_position_left\"><div class=\"vc_column-inner\"><div class=\"wpb_wrapper\"><\/div><\/div><\/div><\/div><div class=\"vc_row-full-width vc_clearfix\"><\/div><div data-vc-full-width=\"true\" data-vc-full-width-init=\"false\" class=\"vc_row wpb_row vc_row-fluid vc_custom_1700658032326 vc_row-o-equal-height vc_row-o-content-middle vc_row-flex\"><div class=\"wpb_column vc_column_container vc_col-sm-2\/5 sc_layouts_column_icons_position_left\"><div class=\"vc_column-inner\"><div class=\"wpb_wrapper\">\n\t<div  class=\"wpb_single_image wpb_content_element vc_align_center   tedaviler-icerik-kare-gorseller\">\n\t\t\n\t\t<figure class=\"wpb_wrapper vc_figure\">\n\t\t\t<div class=\"vc_single_image-wrapper   vc_box_border_grey\"><img loading=\"lazy\" decoding=\"async\" width=\"410\" height=\"550\" src=\"https:\/\/drdenizusumus.com\/wp-content\/uploads\/2024\/10\/Homeopati-Nasil-Yapilir.jpg\" class=\"vc_single_image-img attachment-full\" alt=\"Comment se d\u00e9roule l\u2019hom\u00e9opathie ?\" title=\"Comment se d\u00e9roule l\u2019hom\u00e9opathie ?\" srcset=\"https:\/\/drdenizusumus.com\/wp-content\/uploads\/2024\/10\/Homeopati-Nasil-Yapilir.jpg 410w, https:\/\/drdenizusumus.com\/wp-content\/uploads\/2024\/10\/Homeopati-Nasil-Yapilir-224x300.jpg 224w, https:\/\/drdenizusumus.com\/wp-content\/uploads\/2024\/10\/Homeopati-Nasil-Yapilir-370x496.jpg 370w\" sizes=\"auto, (max-width: 410px) 100vw, 410px\" \/><\/div>\n\t\t<\/figure>\n\t<\/div>\n<\/div><\/div><\/div><div class=\"wpb_column vc_column_container vc_col-sm-3\/5 sc_layouts_column_icons_position_left\"><div class=\"vc_column-inner\"><div class=\"wpb_wrapper\">\n\t<div class=\"wpb_text_column wpb_content_element  homeoterapi-hero-text\" >\n\t\t<div class=\"wpb_wrapper\">\n\t\t\t<h2>Comment se produit la gu\u00e9rison en hom\u00e9opathie ?<\/h2>\n<p>L&#039;hom\u00e9opathie permet une gu\u00e9rison permanente en peu de temps, notamment chez les b\u00e9b\u00e9s et les enfants. La gu\u00e9rison n&#039;est pas seulement la correction des sympt\u00f4mes \u00e0 l&#039;origine de la maladie, mais aussi un \u00e9tat de gu\u00e9rison compl\u00e8te en consid\u00e9rant l&#039;ensemble du corps. C\u2019est naturel et n\u2019a aucun effet secondaire. Les rem\u00e8des hom\u00e9opathiques sont obtenus \u00e0 partir de plantes, de min\u00e9raux et de certains animaux.<\/p>\n<h4>Dans quelles maladies l\u2019hom\u00e9opathie est-elle couramment utilis\u00e9e chez l\u2019enfant ?<\/h4>\n<ul>\n<li>Asthme allergique et bronchite allergique chez les enfants<\/li>\n<li>Allergie alimentaire chez les enfants<\/li>\n<li>Retard de croissance et de d\u00e9veloppement chez les enfants<\/li>\n<li>Infections fr\u00e9quentes et r\u00e9currentes<\/li>\n<li>examen stress anxi\u00e9t\u00e9<\/li>\n<li>troubles de l&#039;attention<\/li>\n<li>spectre autistique<\/li>\n<li>Troubles comportementaux impulsifs<\/li>\n<li>Trouble du deuil simple ou complexe (prolong\u00e9) chez les enfants<\/li>\n<\/ul>\n<h4>Quels sont les rem\u00e8des que la m\u00e8re peut utiliser ?<\/h4>\n<ul>\n<li>Le blues du b\u00e9b\u00e9, la d\u00e9pression post-partum<\/li>\n<li>\u00c9tablir un lien affectif avec votre b\u00e9b\u00e9<\/li>\n<li>Troubles survenant pendant l&#039;allaitement<\/li>\n<li>Traumatisme physique li\u00e9 \u00e0 la naissance<\/li>\n<li>Rem\u00e8des lact\u00e9s (Lac Caninum, Lac Defloratum)<\/li>\n<li>Ils ont apport\u00e9 un soutien suite \u00e0 des traumatismes pr\u00e9 et p\u00e9rinatals.<\/li>\n<li>L&#039;ocytocinum et bien d&#039;autres rem\u00e8des peuvent soutenir la m\u00e8re.<\/li>\n<\/ul>\n<h4>\u00c0 quoi faut-il faire attention lorsqu\u2019on utilise l\u2019hom\u00e9opathie ?<\/h4>\n<ul>\n<li>Il convient de le prendre 1 heure avant ou apr\u00e8s le repas.<\/li>\n<li>Le dentifrice \u00e0 la menthe et les produits \u00e0 base de gomme sucr\u00e9e doivent \u00eatre \u00e9vit\u00e9s.<\/li>\n<li>La consommation de caf\u00e9 doit \u00eatre r\u00e9duite et \u00e9vit\u00e9e si possible (chez les adultes et les adolescents).<\/li>\n<li>La posologie s\u00e8che et aqueuse \u00e0 utiliser doit \u00eatre d\u00e9termin\u00e9e \u00e0 l&#039;avance et expliqu\u00e9e au patient.<\/li>\n<\/ul>\n\n\t\t<\/div>\n\t<\/div>\n<\/div><\/div><\/div><\/div><div class=\"vc_row-full-width vc_clearfix\"><\/div><div data-vc-full-width=\"true\" data-vc-full-width-init=\"false\" class=\"vc_row wpb_row vc_row-fluid vc_custom_1700658032326 vc_row-o-equal-height vc_row-o-content-middle vc_row-flex\"><div class=\"wpb_column vc_column_container vc_col-sm-12 sc_layouts_column_icons_position_left\"><div class=\"vc_column-inner\"><div class=\"wpb_wrapper\">\n\t<div class=\"wpb_text_column wpb_content_element  homeoterapi-hero-text\" >\n\t\t<div class=\"wpb_wrapper\">\n\t\t\t<h3>\u00c0 qui profite le traitement hom\u00e9opathique ?<\/h3>\n<p>Le traitement hom\u00e9opathique peut \u00eatre utilis\u00e9 en toute s\u00e9curit\u00e9 d\u00e8s le nouveau-n\u00e9. Pendant la grossesse, la m\u00e8re peut consulter en toute s\u00e9curit\u00e9 l&#039;hom\u00e9opathie et recevoir un soutien pour r\u00e9duire ses plaintes physiques et \u00e9motionnelles pendant la grossesse. Elle soutient la m\u00e8re pendant l&#039;accouchement, la rencontre avec son b\u00e9b\u00e9 et le processus d&#039;allaitement.   Il contribue \u00e0 renforcer le lien entre la m\u00e8re et son b\u00e9b\u00e9 et, surtout, il le fait de mani\u00e8re naturelle et sans effets secondaires.<\/p>\n<p>Utilisation de l&#039;hom\u00e9opathie dans l&#039;autisme ?<\/p>\n<p>Autisme ; L&#039;hom\u00e9opathie est une m\u00e9thode de traitement de soutien efficace et s\u00fbre utilis\u00e9e en analysant les sympt\u00f4mes d&#039;une personne atteinte de troubles du spectre autistique. Dans notre clinique, nous travaillons dans ce domaine avec des enfants de diff\u00e9rents groupes d&#039;\u00e2ge. Il apporte un soutien au quotidien de la personne dans la correction des sympt\u00f4mes ind\u00e9sirables. Nous recevons des retours agr\u00e9ables avec une approche multidisciplinaire.<\/p>\n<p>Lorsqu&#039;il s&#039;agit d&#039;allergies, que l&#039;on rencontre tr\u00e8s fr\u00e9quemment chez les enfants de nos jours et chez de nombreux patients que je suis dans ma clinique, avec l&#039;hom\u00e9opathie, les enfants peuvent avoir la chance de retrouver la sant\u00e9 en tr\u00e8s peu de temps gr\u00e2ce \u00e0 des rem\u00e8des naturels.<\/p>\n<p>Tout comme les tr\u00e8s petits pollens d\u00e9clenchent des sympt\u00f4mes d&#039;allergie et les aggravent en peu de temps, les allergies peuvent \u00e9galement \u00eatre gu\u00e9ries gr\u00e2ce \u00e0 un traitement hom\u00e9opathique \u00e0 tr\u00e8s petite dose.<\/p>\n<p><strong>Toux chez les enfants : <\/strong>La toux chez les enfants est toujours l\u2019un des sympt\u00f4mes qui inqui\u00e8te le plus les familles. Les causes de la toux sont si nombreuses que les mucosit\u00e9s, les \u00e9coulements postnasaux persistants, les corps \u00e9trangers circulant dans l&#039;air et le reflux ne sont que quelques-unes des raisons.<\/p>\n<p>On observe la fr\u00e9quence d&#039;apparition de la toux, notamment dans diff\u00e9rentes tranches d&#039;\u00e2ge, d&#039;autres sympt\u00f4mes accompagnant la toux, la fi\u00e8vre, l&#039;essoufflement, les sueurs nocturnes, la congestion nasale, tous ces signes de larmoiement accompagn\u00e9s d&#039;une congestion nasale r\u00e9currente durant 2-3 semaines. \u00e9ternuements, congestion nasale, d\u00e9mangeaisons occasionnelles, ce type de constatation peut \u00e9galement augmenter le risque d&#039;allergies.<\/p>\n<p>La toux chez les nouveau-n\u00e9s est le groupe qui n\u00e9cessite le plus d&#039;attention, en particulier les b\u00e9b\u00e9s de moins de 6 mois qui devraient toujours consulter leur m\u00e9decin d\u00e8s l&#039;apparition des sympt\u00f4mes.<\/p>\n<p>Lorsque la toux commence, si votre b\u00e9b\u00e9 ou votre enfant est de bonne humeur, n&#039;a pas de fi\u00e8vre et respire facilement, il peut \u00eatre surveill\u00e9 \u00e0 domicile pendant cette p\u00e9riode. Chez les b\u00e9b\u00e9s, il suffira de v\u00e9rifier au pr\u00e9alable si leur nez est ouvert et, si n\u00e9cessaire, d&#039;utiliser les recommandations d&#039;ouverture du nez que vous recommandera votre m\u00e9decin, qui seront diff\u00e9rentes pour chaque tranche d&#039;\u00e2ge. Il est particuli\u00e8rement important pour les m\u00e8res qui allaitent de garder le nez de leur b\u00e9b\u00e9 ouvert pendant l&#039;allaitement. Les premiers param\u00e8tres qu\u2019ils v\u00e9rifieront sont la s\u00e9cheresse de l\u2019environnement, la temp\u00e9rature et s\u2019il y a ou non une circulation d\u2019air propre.<\/p>\n<p>Le croup, que l&#039;on rencontre tr\u00e8s fr\u00e9quemment, notamment chez les enfants \u00e2g\u00e9s de 6 mois \u00e0 3 ans, est une obstruction des voies respiratoires sup\u00e9rieures due \u00e0 une infection. C&#039;est une clinique qui inqui\u00e8te les familles, o\u00f9 les enfants ressentent fr\u00e9quemment un gonflement de la trach\u00e9e, faisant un bruit comme celui d&#039;un chien qui aboie, toussant et parfois des difficult\u00e9s respiratoires. Nous le rencontrons fr\u00e9quemment dans notre clinique pendant les mois d&#039;hiver, d&#039;automne et de printemps. qui n&#039;est pas toujours accompagn\u00e9 de fi\u00e8vre, laisse g\u00e9n\u00e9ralement les enfants \u00e0 la maison au milieu de la nuit.<\/p>\n<p>La bronchiolite est une maladie inflammatoire qui provoque un blocage des petites voies respiratoires des poumons, provoquant de la toux et une d\u00e9tresse respiratoire, surtout pendant les mois d&#039;hiver. Il peut y avoir une infection grippale dans la famille sous-jacente. Chez les nouveau-n\u00e9s, il s\u2019agit du RSV, ou virus respiratoire syncytial. Surtout chez les nouveau-n\u00e9s, puisque leurs bronches ont un diam\u00e8tre \u00e9troit et que les anneaux cartilagineux entourant les bronches sont tr\u00e8s mous, elles se bouchent plus rapidement et leurs plaintes peuvent commencer soudainement. La temp\u00e9rature peut \u00eatre normale ou l\u00e9g\u00e8rement \u00e9lev\u00e9e. Les familles doivent pr\u00eater attention aux situations telles que si le b\u00e9b\u00e9 est agit\u00e9, a des difficult\u00e9s \u00e0 t\u00e9ter ou si les espaces costaux s&#039;effondrent \u00e0 chaque respiration. Le sommeil est particuli\u00e8rement irr\u00e9gulier. Lorsque ces sympt\u00f4mes ou d\u2019autres similaires apparaissent, les familles doivent absolument consulter leur m\u00e9decin.<\/p>\n<p><strong>INFECTIONS DE L&#039;OREILLE MOYENNE\u00a0:<\/strong> C&#039;est l&#039;une des infections les plus courantes chez les enfants. Il est particuli\u00e8rement susceptible d&#039;\u00eatre observ\u00e9 chez les b\u00e9b\u00e9s \u00e2g\u00e9s de 6 mois \u00e0 2 ans. On constate une nouvelle diminution apr\u00e8s l&#039;\u00e2ge de 5 ans. En fait, il est tr\u00e8s important de g\u00e9rer l\u2019apparition des sympt\u00f4mes li\u00e9s aux infections de l\u2019oreille moyenne et la douleur provoqu\u00e9e par l\u2019inflammation. Ces infections sont g\u00e9n\u00e9ralement caus\u00e9es par la grippe ou le rhume, et parfois par une substance allerg\u00e8ne. Les enfants \u00e2g\u00e9s de 6 mois \u00e0 2 ans peuvent \u00eatre plus sensibles \u00e0 l\u2019otite moyenne en raison de la taille et de la forme de leurs trompes d\u2019Eustache et parce que leur syst\u00e8me immunitaire est encore en d\u00e9veloppement.<\/p>\n<p>Les b\u00e9b\u00e9s, en particulier les tout-petits, peuvent souffrir d&#039;une perte auditive temporaire ou permanente en raison d&#039;infections de l&#039;oreille ant\u00e9rieures ou non trait\u00e9es. Cela peut entra\u00eener des retards dans les comp\u00e9tences sociales et de d\u00e9veloppement des b\u00e9b\u00e9s. Elle doit \u00eatre examin\u00e9e en d\u00e9tail et suivie r\u00e9guli\u00e8rement par des m\u00e9decins sp\u00e9cialistes.<\/p>\n<p>Surtout si leurs parents fument \u00e0 la maison, ils mettent leurs enfants en danger. Chez les b\u00e9b\u00e9s, le fait de se gratter la m\u00eame oreille, l&#039;agitation, les pleurs constants et d\u00e9raisonnables et les difficult\u00e9s \u00e0 dormir peuvent \u00eatre des sympt\u00f4mes d&#039;une otite. Lorsqu&#039;une accumulation de liquide dans l&#039;oreille moyenne est constat\u00e9e \u00e0 un stade pr\u00e9coce lors d&#039;un examen d\u00e9taill\u00e9 par un m\u00e9decin, elle peut \u00eatre corrig\u00e9e par un traitement ciblant la cause. Chez les b\u00e9b\u00e9s dont le traitement n\u2019est pas termin\u00e9, une pression n\u00e9gative dans le tympan peut entra\u00eener un effondrement du tympan et une perte auditive parfois temporaire et parfois permanente.<\/p>\n<p><strong>INFECTIONS DES VOIES URINAIRES CHEZ LES ENFANTS\u00a0:<\/strong> Les infections des voies urinaires sont une maladie importante et courante chez l\u2019enfant. Les infections des voies urinaires constituent la maladie g\u00e9nito-urinaire la plus courante et la deuxi\u00e8me infection la plus courante. Les troubles anatomiques particuli\u00e8rement r\u00e9currents et sous-jacents tels que le reflux v\u00e9sico-ur\u00e9tral et l&#039;obstruction peuvent entra\u00eener de graves complications. \u00c0 l\u2019exception des trois premiers mois de la vie, les filles souffrent plus d\u2019infections urinaires que les gar\u00e7ons. Apr\u00e8s l\u2019\u00e2ge d\u2019un an, les filles courent un risque d\u2019infection urinaire environ 15 fois plus \u00e9lev\u00e9 que les gar\u00e7ons. La cause la plus fr\u00e9quente d\u2019infection urinaire chez les enfants est la bact\u00e9rie ent\u00e9rique \u00e0 Gram n\u00e9gatif. Escherichia coli est l&#039;agent % 80 le plus courant, et des bact\u00e9ries telles que Klebsiella et Proteus sont courantes. Les r\u00e9sultats cliniques d&#039;une infection des voies urinaires peuvent varier en fonction de l&#039;\u00e2ge, de l&#039;emplacement et de la gravit\u00e9 de l&#039;infection dans le syst\u00e8me urinaire. Les r\u00e9sultats chez les nouveau-n\u00e9s peuvent parfois \u00eatre non sp\u00e9cifiques. Des sympt\u00f4mes tels que vomissements, incapacit\u00e9 \u00e0 prendre du poids, difficult\u00e9s \u00e0 sucer, agitation, ict\u00e8re prolong\u00e9, urine naus\u00e9abonde et diarrh\u00e9e peuvent \u00eatre observ\u00e9s. Apr\u00e8s l&#039;\u00e2ge de 2 ans, les patients peuvent pr\u00e9senter des sympt\u00f4mes tels que des douleurs abdominales, de la fi\u00e8vre, une dysurie, une sensibilit\u00e9 sus-pubienne et des mictions fr\u00e9quentes chez les enfants d&#039;\u00e2ge scolaire.<\/p>\n<p><strong>Maladies cutan\u00e9es de l&#039;enfance\u00a0: <\/strong>Les \u00e9ruptions cutan\u00e9es f\u00e9briles sont courantes et importantes chez les enfants. Dans la plupart des cas, l&#039;agent causal est un virus. Et ce sont des maladies spontan\u00e9ment r\u00e9solutives. Les \u00e9ruptions cutan\u00e9es chez les enfants sont caus\u00e9es par des modifications de la peau r\u00e9sultant de certains agents infectieux, de toxines, de causes allergiques et de troubles de la coagulation. Les maladies syst\u00e9miques bact\u00e9riennes, moins fr\u00e9quentes, mettent la vie en danger. La maladie la plus risqu\u00e9e est la m\u00e9ningococc\u00e9mie et les cas de sepsis bact\u00e9rien. Le crit\u00e8re le plus important en cas d\u2019\u00e9ruption f\u00e9brile est l\u2019examen clinique.<\/p>\n<p>Tout d&#039;abord, l&#039;apparition, la distribution, la morphologie, la progression et la relation avec les d\u00e9mangeaisons et la fi\u00e8vre des \u00e9ruptions cutan\u00e9es infantiles sont importantes. Les \u00e9ruptions cutan\u00e9es les plus courantes dans les \u00e9ruptions cutan\u00e9es virales sont les \u00e9ruptions maculaires ou maculopapuleuses.<\/p>\n<p>Jetons bri\u00e8vement un coup d&#039;\u0153il \u00e0 ces \u00e9ruptions cutan\u00e9es, au nom de la maladie, \u00e0 son \u00e9tiologie, \u00e0 son \u00e9pid\u00e9miologie, au caract\u00e8re de l&#039;\u00e9ruption cutan\u00e9e, aux tests diagnostiques d\u00e9finitifs et \u00e0 ce qui est effectu\u00e9 dans le traitement.<\/p>\n<p><strong>ROUGEOLE:<\/strong> Son \u00e9tiologie est le virus de la rougeole. Chez ceux qui ne sont pas immunis\u00e9s, il s\u2019agit d\u2019\u00e9ruptions maculopapuleuses qui ont tendance \u00e0 fusionner sans d\u00e9mangeaisons et d\u00e9butent souvent sur la t\u00eate au cours des 9 premi\u00e8res ann\u00e9es et se propagent jusqu\u2019au tronc et aux extr\u00e9mit\u00e9s.<\/p>\n<p>Il pr\u00e9sente des r\u00e9sultats prodromiques. Coryza conjonctivite toux taches de koplik 4-5. Les \u00e9ruptions maculopapuleuses surviennent le premier jour. Le diagnostic d\u00e9finitif est pos\u00e9 par s\u00e9rologie avec les anticorps IgM et IgG d\u00e9velopp\u00e9s contre le virus de la rougeole. Il n&#039;existe pas de m\u00e9dicament antiviral. Un suppl\u00e9ment de vitamine A est administr\u00e9 aux personnes souffrant de malnutrition et aux enfants de moins de 2 ans.<\/p>\n<p><strong>RUB\u00c9OLE:<\/strong> Elle survient chez les adolescents qui ne sont pas immunis\u00e9s contre le virus de la rub\u00e9ole. Les l\u00e9sions maculopapuleuses, de petite taille et s&#039;estompant avec la pression, disparaissent en 3 jours au total. Les sympt\u00f4mes du prodrome ne sont pas aussi prononc\u00e9s que ceux de la rougeole, une conjonctivite, un malaise et une arthrite sont observ\u00e9s au niveau du palais mou. Anticorps IgM ET IgG d\u00e9velopp\u00e9s contre le virus de la rub\u00e9ole. Il n&#039;existe pas de m\u00e9dicament antiviral. Vous devez consulter votre m\u00e9decin pour des antipyr\u00e9tiques.<\/p>\n<p><strong>\u00c9RYTH\u00c8ME INFECTIONEUX (5\u00c8ME MALADIE)\u00a0: <\/strong>On l&#039;observe chez les enfants d&#039;\u00e2ge scolaire atteints du parvovirus B-19. Une \u00e9ruption cutan\u00e9e appara\u00eet sur le visage comme s&#039;il y avait une marque de main gifl\u00e9e, et des \u00e9ruptions maculopapuleuses r\u00e9ticulaires apparaissent sur le tronc et les extr\u00e9mit\u00e9s. Elle peut s&#039;accompagner d&#039;arthrite, elle peut \u00e9galement toucher les grosses articulations, c&#039;est un virus rhumatog\u00e8ne, elle peut provoquer une arthrite. \u00e9ruption cutan\u00e9e semblable \u00e0 celle d&#039;un gant. L&#039;\u00e9ruption cutan\u00e9e s&#039;accentue avec la chaleur et peut \u00eatre confondue avec de l&#039;urticaire. L&#039;\u00e9ruption cutan\u00e9e peut durer de 10 \u00e0 14 jours. Recherche du virus par m\u00e9thode PCR des anticorps IgM et IgG d\u00e9velopp\u00e9s contre le parvovirus B-19. Il n&#039;existe aucun traitement. Il est trait\u00e9 de mani\u00e8re symptomatique.<\/p>\n<p><strong>ROSEOLA INFANTUM (6. MALADIE)\u00a0:\u00a0<\/strong>L&#039;\u00e9tiologie est HHV-6. On l&#039;observe chez les nourrissons \u00e2g\u00e9s de 6 mois \u00e0 3 ans. \u00c9ruption maculopapuleuse \u00e9tendue, l\u00e9g\u00e8rement p\u00e2le, qui d\u00e9bute sur le visage, notamment sur le tronc, et s&#039;estompe avec la pression. L&#039;\u00e9ruption cutan\u00e9e appara\u00eet g\u00e9n\u00e9ralement apr\u00e8s la disparition de la fi\u00e8vre et dispara\u00eet en 1 \u00e0 2 jours. Le diagnostic repose sur les r\u00e9sultats cliniques, des tests s\u00e9rologiques viraux sont rarement n\u00e9cessaires. Le traitement est symptomatique. Des antipyr\u00e9tiques sont utilis\u00e9s.<\/p>\n<p><strong>M\u00c9NINGOCOCMIE\u00a0: <\/strong>L&#039;\u00e9tiologie est N.meningitidis. Elle est plus fr\u00e9quente dans notre pays avant l&#039;\u00e2ge de 5 ans. Des \u00e9ruptions purpuriques p\u00e9t\u00e9chiales apparaissent sur le tronc ou les extr\u00e9mit\u00e9s. Cela commence soudainement, progresse rapidement et la fi\u00e8vre est \u00e9lev\u00e9e.<\/p>\n<p>\u015eok tablosu damar i\u00e7i yayg\u0131n p\u0131ht\u0131la\u015fma (DIC) e\u015flik eder,a\u011f\u0131r l\u00f6kositoz y\u00fcksek CRP,n\u00f6trofili,%50 vakada menenjt bulgular\u0131 olur. Klinilk bulgular ve hemok\u00fclt\u00fcrden bakterinin izolasyonu ,PCR y\u00f6ntemleri kullan\u0131l\u0131r. En erken d\u00f6nemde y\u00fcksek doz IV antibiyotik s\u0131v\u0131 deste\u011fidir.<\/p>\n<p><strong>ROUGE:\u00a0\u00a0<\/strong>L&#039;\u00e9tiologie est S.pyogenes (streptocoque B-h\u00e9molytique du groupe A). On l&#039;observe dans la tranche d&#039;\u00e2ge p\u00e9diatrique, en particulier chez les enfants de moins de 5 ans. Des \u00e9ruptions cutan\u00e9es maculopapuleuses diffuses de la taille de points s&#039;estompent avec la pression, la zone autour de la bouche est p\u00e2le, et il a un aspect peau de poulet. Vous avez une amygdalite ou une infection cutan\u00e9e. Des lignes de Pastia sont visibles, il y a un signe de langue de fraise. Apr\u00e8s l&#039;\u00e9ruption cutan\u00e9e, une desquamation de la peau des doigts est observ\u00e9e.<\/p>\n<p>Des tests streptococciques rapides, une culture de gorge ou une culture de mat\u00e9riel provenant de peau infect\u00e9e peuvent \u00eatre effectu\u00e9s.<\/p>\n<p>La p\u00e9nicilline et l&#039;amoxicilline peuvent \u00eatre utilis\u00e9es dans son traitement. Lorsque vous consulterez votre m\u00e9decin, il vous prescrira d&#039;autres antibiotiques du groupe s&#039;il le juge n\u00e9cessaire.<\/p>\n<p><strong>VARICELLE:\u00a0<\/strong>L&#039;\u00e9tiologie est le virus varicelle-zona. On l&#039;observe chez les personnes non immunis\u00e9es de moins de 10 ans. Elle commence d&#039;abord par une forme maculopapuleuse \u00e0 court terme, puis des v\u00e9sicules \u00e9ryth\u00e9mateuses remplies de liquide clair apparaissent sur le visage, le cuir chevelu et le tronc, elle provoque des d\u00e9mangeaisons et pr\u00e9sente un polymorphisme. Il existe des signes de p\u00e9riode prodromique, des \u00e9ruptions cutan\u00e9es peuvent survenir sur la muqueuse et la conjonctive. .<\/p>\n\n\t\t<\/div>\n\t<\/div>\n<\/div><\/div><\/div><\/div><div class=\"vc_row-full-width vc_clearfix\"><\/div><div data-vc-full-width=\"true\" data-vc-full-width-init=\"false\" class=\"vc_row wpb_row vc_row-fluid vc_custom_1720529188888 vc_row-has-fill vc_row-o-equal-height vc_row-flex\"><div class=\"wpb_column vc_column_container vc_col-sm-12 sc_layouts_column_icons_position_left\"><div class=\"vc_column-inner\"><div class=\"wpb_wrapper\">\n\t<div class=\"wpb_text_column wpb_content_element  vc_custom_1700658398886 tedaviler-icerik-textleri\" >\n\t\t<div class=\"wpb_wrapper\">\n\t\t\t<h3 style=\"text-align: center;\">Foire aux questions sur l&#039;hom\u00e9opathie<\/h3>\n\n\t\t<\/div>\n\t<\/div>\n<div class=\"vc_tta-container\" data-vc-action=\"collapse\"><div class=\"vc_general vc_tta vc_tta-accordion vc_tta-color-grey vc_tta-style-classic vc_tta-shape-rounded vc_tta-o-shape-group vc_tta-controls-align-left\"><div class=\"vc_tta-panels-container\"><div class=\"vc_tta-panels\"><div class=\"vc_tta-panel vc_active\" id=\"1487068989835-18dbbf43-682d\" data-vc-content=\".vc_tta-panel-body\"><div class=\"vc_tta-panel-heading\"><h5 class=\"vc_tta-panel-title vc_tta-controls-icon-position-right\"><a href=\"#1487068989835-18dbbf43-682d\" data-vc-accordion data-vc-container=\".vc_tta-container\"><span class=\"vc_tta-title-text\">Comment sont pr\u00e9par\u00e9s les m\u00e9dicaments hom\u00e9opathiques ?<\/span><i class=\"vc_tta-controls-icon vc_tta-controls-icon-triangle\"><\/i><\/a><\/h5><\/div><div class=\"vc_tta-panel-body\">\n\t<div class=\"wpb_text_column wpb_content_element\" >\n\t\t<div class=\"wpb_wrapper\">\n\t\t\t<p>Les m\u00e9dicaments hom\u00e9opathiques sont pr\u00e9par\u00e9s \u00e0 partir de substances d&#039;origine v\u00e9g\u00e9tale, min\u00e9rale ou animale. Ces substances sont dilu\u00e9es dans une certaine proportion puis potentialis\u00e9es gr\u00e2ce \u00e0 un processus appel\u00e9 \u00ab dynamisation \u00bb.<\/p>\n\n\t\t<\/div>\n\t<\/div>\n<\/div><\/div><div class=\"vc_tta-panel\" id=\"1699950422276-3788f2a8-5a8a\" data-vc-content=\".vc_tta-panel-body\"><div class=\"vc_tta-panel-heading\"><h5 class=\"vc_tta-panel-title vc_tta-controls-icon-position-right\"><a href=\"#1699950422276-3788f2a8-5a8a\" data-vc-accordion data-vc-container=\".vc_tta-container\"><span class=\"vc_tta-title-text\">Comment fonctionne l&#039;hom\u00e9opathie ?<\/span><i class=\"vc_tta-controls-icon vc_tta-controls-icon-triangle\"><\/i><\/a><\/h5><\/div><div class=\"vc_tta-panel-body\">\n\t<div class=\"wpb_text_column wpb_content_element\" >\n\t\t<div class=\"wpb_wrapper\">\n\t\t\t<p>L&#039;hom\u00e9opathie vise \u00e0 combattre les maladies en activant le processus naturel de gu\u00e9rison du corps. Dans le traitement hom\u00e9opathique, on s\u00e9lectionne des substances qui produisent des effets similaires aux sympt\u00f4mes de la maladie.<\/p>\n\n\t\t<\/div>\n\t<\/div>\n<\/div><\/div><div class=\"vc_tta-panel\" id=\"1699950419545-3cdf3301-8d1c\" data-vc-content=\".vc_tta-panel-body\"><div class=\"vc_tta-panel-heading\"><h5 class=\"vc_tta-panel-title vc_tta-controls-icon-position-right\"><a href=\"#1699950419545-3cdf3301-8d1c\" data-vc-accordion data-vc-container=\".vc_tta-container\"><span class=\"vc_tta-title-text\">Les m\u00e9dicaments hom\u00e9opathiques ont-ils des effets secondaires ?<\/span><i class=\"vc_tta-controls-icon vc_tta-controls-icon-triangle\"><\/i><\/a><\/h5><\/div><div class=\"vc_tta-panel-body\">\n\t<div class=\"wpb_text_column wpb_content_element\" >\n\t\t<div class=\"wpb_wrapper\">\n\t\t\t<p>Les m\u00e9dicaments hom\u00e9opathiques \u00e9tant g\u00e9n\u00e9ralement utilis\u00e9s \u00e0 faibles doses, les effets secondaires sont rares. Cependant, comme tout traitement, l\u2019hom\u00e9opathie peut provoquer des r\u00e9actions ind\u00e9sirables chez certaines personnes.<\/p>\n\n\t\t<\/div>\n\t<\/div>\n<\/div><\/div><div class=\"vc_tta-panel\" id=\"1699950479124-6ce54858-1e77\" data-vc-content=\".vc_tta-panel-body\"><div class=\"vc_tta-panel-heading\"><h5 class=\"vc_tta-panel-title vc_tta-controls-icon-position-right\"><a href=\"#1699950479124-6ce54858-1e77\" data-vc-accordion data-vc-container=\".vc_tta-container\"><span class=\"vc_tta-title-text\">L&#039;hom\u00e9opathie est-elle adapt\u00e9e \u00e0 toutes les maladies ?<\/span><i class=\"vc_tta-controls-icon vc_tta-controls-icon-triangle\"><\/i><\/a><\/h5><\/div><div class=\"vc_tta-panel-body\">\n\t<div class=\"wpb_text_column wpb_content_element\" >\n\t\t<div class=\"wpb_wrapper\">\n\t\t\t<p>L&#039;hom\u00e9opathie est particuli\u00e8rement pr\u00e9f\u00e9r\u00e9e pour les maladies chroniques et les sympt\u00f4mes l\u00e9gers. Il peut ne pas convenir aux situations aigu\u00ebs ou mettant la vie en danger, et dans de tels cas, un traitement m\u00e9dical conventionnel est n\u00e9cessaire.<\/p>\n\n\t\t<\/div>\n\t<\/div>\n<\/div><\/div><div class=\"vc_tta-panel\" id=\"1700658625319-00ead900-498e\" data-vc-content=\".vc_tta-panel-body\"><div class=\"vc_tta-panel-heading\"><h5 class=\"vc_tta-panel-title vc_tta-controls-icon-position-right\"><a href=\"#1700658625319-00ead900-498e\" data-vc-accordion data-vc-container=\".vc_tta-container\"><span class=\"vc_tta-title-text\">L&#039;hom\u00e9opathie peut-elle \u00eatre utilis\u00e9e pendant la grossesse et l&#039;enfance ?<\/span><i class=\"vc_tta-controls-icon vc_tta-controls-icon-triangle\"><\/i><\/a><\/h5><\/div><div class=\"vc_tta-panel-body\">\n\t<div class=\"wpb_text_column wpb_content_element\" >\n\t\t<div class=\"wpb_wrapper\">\n\t\t\t<p>L&#039;hom\u00e9opathie pendant la grossesse et l&#039;enfance est g\u00e9n\u00e9ralement consid\u00e9r\u00e9e comme s\u00fbre, mais comme pour tout traitement, une consultation avec un m\u00e9decin ou un professionnel de la sant\u00e9 doit \u00eatre recherch\u00e9e dans des cas particuliers.<\/p>\n\n\t\t<\/div>\n\t<\/div>\n<\/div><\/div><div class=\"vc_tta-panel\" id=\"1700658655255-6176e958-f876\" data-vc-content=\".vc_tta-panel-body\"><div class=\"vc_tta-panel-heading\"><h5 class=\"vc_tta-panel-title vc_tta-controls-icon-position-right\"><a href=\"#1700658655255-6176e958-f876\" data-vc-accordion data-vc-container=\".vc_tta-container\"><span class=\"vc_tta-title-text\">Combien de temps dure un traitement hom\u00e9opathique ?<\/span><i class=\"vc_tta-controls-icon vc_tta-controls-icon-triangle\"><\/i><\/a><\/h5><\/div><div class=\"vc_tta-panel-body\">\n\t<div class=\"wpb_text_column wpb_content_element\" >\n\t\t<div class=\"wpb_wrapper\">\n\t\t\t<p>La dur\u00e9e du traitement peut varier en fonction de l&#039;\u00e9tat de sant\u00e9 de la personne, de la gravit\u00e9 de la maladie et de la r\u00e9ponse individuelle. M\u00eame si certains cas affichent une gu\u00e9rison rapide, les maladies chroniques peuvent n\u00e9cessiter un traitement \u00e0 plus long terme.<\/p>\n\n\t\t<\/div>\n\t<\/div>\n<\/div><\/div><div class=\"vc_tta-panel\" id=\"1700658685397-928ed4eb-ad25\" data-vc-content=\".vc_tta-panel-body\"><div class=\"vc_tta-panel-heading\"><h5 class=\"vc_tta-panel-title vc_tta-controls-icon-position-right\"><a href=\"#1700658685397-928ed4eb-ad25\" data-vc-accordion data-vc-container=\".vc_tta-container\"><span class=\"vc_tta-title-text\">L&#039;hom\u00e9opathie et la m\u00e9decine traditionnelle peuvent-elles \u00eatre utilis\u00e9es ensemble ?<\/span><i class=\"vc_tta-controls-icon vc_tta-controls-icon-triangle\"><\/i><\/a><\/h5><\/div><div class=\"vc_tta-panel-body\">\n\t<div class=\"wpb_text_column wpb_content_element\" >\n\t\t<div class=\"wpb_wrapper\">\n\t\t\t<p>Oui, l\u2019hom\u00e9opathie peut \u00eatre utilis\u00e9e en compl\u00e9ment des traitements m\u00e9dicaux traditionnels. Cependant, comme les deux m\u00e9thodes de traitement peuvent s\u2019influencer mutuellement, il est recommand\u00e9 de consulter un professionnel de sant\u00e9.<\/p>\n\n\t\t<\/div>\n\t<\/div>\n<\/div><\/div><\/div><\/div><\/div><\/div><\/div><\/div><\/div><\/div><div class=\"vc_row-full-width vc_clearfix\"><\/div><div data-vc-full-width=\"true\" data-vc-full-width-init=\"false\" class=\"vc_row wpb_row vc_row-fluid wpb_animate_when_almost_visible wpb_fadeInUp fadeInUp vc_custom_1700659054990\"><div class=\"wpb_column vc_column_container vc_col-sm-12 sc_layouts_column_icons_position_left\"><div class=\"vc_column-inner\"><div class=\"wpb_wrapper\"><div class=\"sc_services sc_services_default anasayfa-tedaviler cocuk-hastaliklari\"><h3 class=\"sc_item_title sc_services_title sc_align_left sc_item_title_style_default sc_item_title_tag\">Maladies des enfants<\/h3><div class=\"sc_services_slider sc_item_slider\tslider_swiper_outer slider_outer_controls slider_outer_controls_side slider_outer_nopagination slider_outer_multi\">\n\t<div class=\"swiper-slider-container slider_swiper slider_noresize slider_controls slider_controls_side slider_nopagination slider_multi\" data-slides-per-view=\"3\" data-slides-space=\"10\" data-slides-min-width=\"200\">\n\t\t<div class=\"slides swiper-wrapper sc_item_columns_3\"><div class=\"swiper-slide\"><div class=\"sc_services_item without_content with_image sc_services_item_featured_top\">\n\t<div class=\"post_featured with_thumb hover_icon sc_services_item_thumb\"><img loading=\"lazy\" decoding=\"async\" width=\"555\" height=\"360\" src=\"https:\/\/drdenizusumus.com\/wp-content\/uploads\/2017\/02\/kizamik-hastaligi-ve-tedavisi-555x360.jpg\" class=\"attachment-childhope-thumb-med size-childhope-thumb-med wp-post-image\" alt=\"Rougeole\" title=\"\"><div class=\"mask\"><\/div><div class=\"icons\"><a href=\"https:\/\/drdenizusumus.com\/fr\/rougeole\/\" aria-hidden=\"true\" class=\"icon-link\"><\/a><\/div><\/div>\t\n\t<div class=\"sc_services_item_info\">\n\t\t<div class=\"sc_services_item_header\">\n\t\t\t<h4 class=\"sc_services_item_title\"><a href=\"https:\/\/drdenizusumus.com\/fr\/rougeole\/\">Rougeole<\/a><\/h4>\n\t\t\t<div class=\"sc_services_item_subtitle\"><a href=\"https:\/\/drdenizusumus.com\/fr\/services_groupe\/maladies-pediatriques\/\" title=\"Voir tous les articles dans Maladies et traitements p\u00e9diatriques\">Maladies et traitements p\u00e9diatriques<\/a><\/div>\n\t\t<\/div>\n\t\t\t<\/div>\n<\/div>\n<\/div><div class=\"swiper-slide\"><div class=\"sc_services_item without_content with_image sc_services_item_featured_top\">\n\t<div class=\"post_featured with_thumb hover_icon sc_services_item_thumb\"><img loading=\"lazy\" decoding=\"async\" width=\"555\" height=\"360\" src=\"https:\/\/drdenizusumus.com\/wp-content\/uploads\/2023\/11\/kabakulak-555x360.jpg\" class=\"attachment-childhope-thumb-med size-childhope-thumb-med wp-post-image\" alt=\"Oreillons\" title=\"\"><div class=\"mask\"><\/div><div class=\"icons\"><a href=\"https:\/\/drdenizusumus.com\/fr\/oreillons\/\" aria-hidden=\"true\" class=\"icon-link\"><\/a><\/div><\/div>\t\n\t<div class=\"sc_services_item_info\">\n\t\t<div class=\"sc_services_item_header\">\n\t\t\t<h4 class=\"sc_services_item_title\"><a href=\"https:\/\/drdenizusumus.com\/fr\/oreillons\/\">Oreillons<\/a><\/h4>\n\t\t\t<div class=\"sc_services_item_subtitle\"><a href=\"https:\/\/drdenizusumus.com\/fr\/services_groupe\/maladies-pediatriques\/\" title=\"Voir tous les articles dans Maladies et traitements p\u00e9diatriques\">Maladies et traitements p\u00e9diatriques<\/a><\/div>\n\t\t<\/div>\n\t\t\t<\/div>\n<\/div>\n<\/div><div class=\"swiper-slide\"><div class=\"sc_services_item without_content with_image sc_services_item_featured_top\">\n\t<div class=\"post_featured with_thumb hover_icon sc_services_item_thumb\"><img loading=\"lazy\" decoding=\"async\" width=\"555\" height=\"360\" src=\"https:\/\/drdenizusumus.com\/wp-content\/uploads\/2023\/11\/kizamikcik-555x360.jpg\" class=\"attachment-childhope-thumb-med size-childhope-thumb-med wp-post-image\" alt=\"Rub\u00e9ole\" title=\"\"><div class=\"mask\"><\/div><div class=\"icons\"><a href=\"https:\/\/drdenizusumus.com\/fr\/rubeole\/\" aria-hidden=\"true\" class=\"icon-link\"><\/a><\/div><\/div>\t\n\t<div class=\"sc_services_item_info\">\n\t\t<div class=\"sc_services_item_header\">\n\t\t\t<h4 class=\"sc_services_item_title\"><a href=\"https:\/\/drdenizusumus.com\/fr\/rubeole\/\">Rub\u00e9ole<\/a><\/h4>\n\t\t\t<div class=\"sc_services_item_subtitle\"><a href=\"https:\/\/drdenizusumus.com\/fr\/services_groupe\/maladies-pediatriques\/\" title=\"Voir tous les articles dans Maladies et traitements p\u00e9diatriques\">Maladies et traitements p\u00e9diatriques<\/a><\/div>\n\t\t<\/div>\n\t\t\t<\/div>\n<\/div>\n<\/div><div class=\"swiper-slide\"><div class=\"sc_services_item without_content with_image sc_services_item_featured_top\">\n\t<div class=\"post_featured with_thumb hover_icon sc_services_item_thumb\"><img loading=\"lazy\" decoding=\"async\" width=\"555\" height=\"360\" src=\"https:\/\/drdenizusumus.com\/wp-content\/uploads\/2023\/11\/Ust-Solunum-Yolu-Enfeksiyonlari-555x360.jpg\" class=\"attachment-childhope-thumb-med size-childhope-thumb-med wp-post-image\" alt=\"Infections des voies respiratoires sup\u00e9rieures\" title=\"\"><div class=\"mask\"><\/div><div class=\"icons\"><a href=\"https:\/\/drdenizusumus.com\/fr\/infections-des-voies-respiratoires-superieures\/\" aria-hidden=\"true\" class=\"icon-link\"><\/a><\/div><\/div>\t\n\t<div class=\"sc_services_item_info\">\n\t\t<div class=\"sc_services_item_header\">\n\t\t\t<h4 class=\"sc_services_item_title\"><a href=\"https:\/\/drdenizusumus.com\/fr\/infections-des-voies-respiratoires-superieures\/\">Infections des voies respiratoires sup\u00e9rieures<\/a><\/h4>\n\t\t\t<div class=\"sc_services_item_subtitle\"><a href=\"https:\/\/drdenizusumus.com\/fr\/services_groupe\/maladies-pediatriques\/\" title=\"Voir tous les articles dans Maladies et traitements p\u00e9diatriques\">Maladies et traitements p\u00e9diatriques<\/a><\/div>\n\t\t<\/div>\n\t\t\t<\/div>\n<\/div>\n<\/div><div class=\"swiper-slide\"><div class=\"sc_services_item without_content with_image sc_services_item_featured_top\">\n\t<div class=\"post_featured with_thumb hover_icon sc_services_item_thumb\"><img loading=\"lazy\" decoding=\"async\" width=\"555\" height=\"360\" src=\"https:\/\/drdenizusumus.com\/wp-content\/uploads\/2023\/11\/Orta-Kulak-Iltihabi-555x360.jpg\" class=\"attachment-childhope-thumb-med size-childhope-thumb-med wp-post-image\" alt=\"Inflammation de l&#039;oreille moyenne\" title=\"\"><div class=\"mask\"><\/div><div class=\"icons\"><a href=\"https:\/\/drdenizusumus.com\/fr\/otite-moyenne\/\" aria-hidden=\"true\" class=\"icon-link\"><\/a><\/div><\/div>\t\n\t<div class=\"sc_services_item_info\">\n\t\t<div class=\"sc_services_item_header\">\n\t\t\t<h4 class=\"sc_services_item_title\"><a href=\"https:\/\/drdenizusumus.com\/fr\/otite-moyenne\/\">Inflammation de l&#039;oreille moyenne<\/a><\/h4>\n\t\t\t<div class=\"sc_services_item_subtitle\"><a href=\"https:\/\/drdenizusumus.com\/fr\/services_groupe\/maladies-pediatriques\/\" title=\"Voir tous les articles dans Maladies et traitements p\u00e9diatriques\">Maladies et traitements p\u00e9diatriques<\/a><\/div>\n\t\t<\/div>\n\t\t\t<\/div>\n<\/div>\n<\/div><div class=\"swiper-slide\"><div class=\"sc_services_item without_content with_image sc_services_item_featured_top\">\n\t<div class=\"post_featured with_thumb hover_icon sc_services_item_thumb\"><img loading=\"lazy\" decoding=\"async\" width=\"555\" height=\"360\" src=\"https:\/\/drdenizusumus.com\/wp-content\/uploads\/2023\/11\/bronsit-555x360.jpg\" class=\"attachment-childhope-thumb-med size-childhope-thumb-med wp-post-image\" alt=\"Bronchite\" title=\"\"><div class=\"mask\"><\/div><div class=\"icons\"><a href=\"https:\/\/drdenizusumus.com\/fr\/bronchite\/\" aria-hidden=\"true\" class=\"icon-link\"><\/a><\/div><\/div>\t\n\t<div class=\"sc_services_item_info\">\n\t\t<div class=\"sc_services_item_header\">\n\t\t\t<h4 class=\"sc_services_item_title\"><a href=\"https:\/\/drdenizusumus.com\/fr\/bronchite\/\">Bronchite<\/a><\/h4>\n\t\t\t<div class=\"sc_services_item_subtitle\"><a href=\"https:\/\/drdenizusumus.com\/fr\/services_groupe\/maladies-pediatriques\/\" title=\"Voir tous les articles dans Maladies et traitements p\u00e9diatriques\">Maladies et traitements p\u00e9diatriques<\/a><\/div>\n\t\t<\/div>\n\t\t\t<\/div>\n<\/div>\n<\/div><div class=\"swiper-slide\"><div class=\"sc_services_item without_content with_image sc_services_item_featured_top\">\n\t<div class=\"post_featured with_thumb hover_icon sc_services_item_thumb\"><img loading=\"lazy\" decoding=\"async\" width=\"555\" height=\"360\" src=\"https:\/\/drdenizusumus.com\/wp-content\/uploads\/2023\/11\/anjin-555x360.jpg\" class=\"attachment-childhope-thumb-med size-childhope-thumb-med wp-post-image\" alt=\"Angine\" title=\"\"><div class=\"mask\"><\/div><div class=\"icons\"><a href=\"https:\/\/drdenizusumus.com\/fr\/angine\/\" aria-hidden=\"true\" class=\"icon-link\"><\/a><\/div><\/div>\t\n\t<div class=\"sc_services_item_info\">\n\t\t<div class=\"sc_services_item_header\">\n\t\t\t<h4 class=\"sc_services_item_title\"><a href=\"https:\/\/drdenizusumus.com\/fr\/angine\/\">Angine<\/a><\/h4>\n\t\t\t<div class=\"sc_services_item_subtitle\"><a href=\"https:\/\/drdenizusumus.com\/fr\/services_groupe\/maladies-pediatriques\/\" title=\"Voir tous les articles dans Maladies et traitements p\u00e9diatriques\">Maladies et traitements p\u00e9diatriques<\/a><\/div>\n\t\t<\/div>\n\t\t\t<\/div>\n<\/div>\n<\/div><div class=\"swiper-slide\"><div class=\"sc_services_item without_content with_image sc_services_item_featured_top\">\n\t<div class=\"post_featured with_thumb hover_icon sc_services_item_thumb\"><img loading=\"lazy\" decoding=\"async\" width=\"555\" height=\"360\" src=\"https:\/\/drdenizusumus.com\/wp-content\/uploads\/2023\/11\/zaturre-1-555x360.jpg\" class=\"attachment-childhope-thumb-med size-childhope-thumb-med wp-post-image\" alt=\"Pneumonie\" title=\"\"><div class=\"mask\"><\/div><div class=\"icons\"><a href=\"https:\/\/drdenizusumus.com\/fr\/pneumonie\/\" aria-hidden=\"true\" class=\"icon-link\"><\/a><\/div><\/div>\t\n\t<div class=\"sc_services_item_info\">\n\t\t<div class=\"sc_services_item_header\">\n\t\t\t<h4 class=\"sc_services_item_title\"><a href=\"https:\/\/drdenizusumus.com\/fr\/pneumonie\/\">Pneumonie<\/a><\/h4>\n\t\t\t<div class=\"sc_services_item_subtitle\"><a href=\"https:\/\/drdenizusumus.com\/fr\/services_groupe\/maladies-pediatriques\/\" title=\"Voir tous les articles dans Maladies et traitements p\u00e9diatriques\">Maladies et traitements p\u00e9diatriques<\/a><\/div>\n\t\t<\/div>\n\t\t\t<\/div>\n<\/div>\n<\/div><div class=\"swiper-slide\"><div class=\"sc_services_item without_content with_image sc_services_item_featured_top\">\n\t<div class=\"post_featured with_thumb hover_icon sc_services_item_thumb\"><img loading=\"lazy\" decoding=\"async\" width=\"555\" height=\"360\" src=\"https:\/\/drdenizusumus.com\/wp-content\/uploads\/2023\/11\/farenjit-555x360.jpg\" class=\"attachment-childhope-thumb-med size-childhope-thumb-med wp-post-image\" alt=\"Pharyngite\" title=\"\"><div class=\"mask\"><\/div><div class=\"icons\"><a href=\"https:\/\/drdenizusumus.com\/fr\/pharyngite\/\" aria-hidden=\"true\" class=\"icon-link\"><\/a><\/div><\/div>\t\n\t<div class=\"sc_services_item_info\">\n\t\t<div class=\"sc_services_item_header\">\n\t\t\t<h4 class=\"sc_services_item_title\"><a href=\"https:\/\/drdenizusumus.com\/fr\/pharyngite\/\">Pharyngite<\/a><\/h4>\n\t\t\t<div class=\"sc_services_item_subtitle\"><a href=\"https:\/\/drdenizusumus.com\/fr\/services_groupe\/maladies-pediatriques\/\" title=\"Voir tous les articles dans Maladies et traitements p\u00e9diatriques\">Maladies et traitements p\u00e9diatriques<\/a><\/div>\n\t\t<\/div>\n\t\t\t<\/div>\n<\/div>\n<\/div><div class=\"swiper-slide\"><div class=\"sc_services_item without_content with_image sc_services_item_featured_top\">\n\t<div class=\"post_featured with_thumb hover_icon sc_services_item_thumb\"><img loading=\"lazy\" decoding=\"async\" width=\"555\" height=\"360\" src=\"https:\/\/drdenizusumus.com\/wp-content\/uploads\/2023\/11\/menenjit-555x360.jpg\" class=\"attachment-childhope-thumb-med size-childhope-thumb-med wp-post-image\" alt=\"M\u00e9ningite\" title=\"\"><div class=\"mask\"><\/div><div class=\"icons\"><a href=\"https:\/\/drdenizusumus.com\/fr\/meningite\/\" aria-hidden=\"true\" class=\"icon-link\"><\/a><\/div><\/div>\t\n\t<div class=\"sc_services_item_info\">\n\t\t<div class=\"sc_services_item_header\">\n\t\t\t<h4 class=\"sc_services_item_title\"><a href=\"https:\/\/drdenizusumus.com\/fr\/meningite\/\">M\u00e9ningite<\/a><\/h4>\n\t\t\t<div class=\"sc_services_item_subtitle\"><a href=\"https:\/\/drdenizusumus.com\/fr\/services_groupe\/maladies-pediatriques\/\" title=\"Voir tous les articles dans Maladies et traitements p\u00e9diatriques\">Maladies et traitements p\u00e9diatriques<\/a><\/div>\n\t\t<\/div>\n\t\t\t<\/div>\n<\/div>\n<\/div><div class=\"swiper-slide\"><div class=\"sc_services_item without_content with_image sc_services_item_featured_top\">\n\t<div class=\"post_featured with_thumb hover_icon sc_services_item_thumb\"><img loading=\"lazy\" decoding=\"async\" width=\"555\" height=\"360\" src=\"https:\/\/drdenizusumus.com\/wp-content\/uploads\/2023\/11\/Solunum-Yolu-Enfeksiyonlari-555x360.jpg\" class=\"attachment-childhope-thumb-med size-childhope-thumb-med wp-post-image\" alt=\"Infections des voies respiratoires\" title=\"\"><div class=\"mask\"><\/div><div class=\"icons\"><a href=\"https:\/\/drdenizusumus.com\/fr\/infections-respiratoires\/\" aria-hidden=\"true\" class=\"icon-link\"><\/a><\/div><\/div>\t\n\t<div class=\"sc_services_item_info\">\n\t\t<div class=\"sc_services_item_header\">\n\t\t\t<h4 class=\"sc_services_item_title\"><a href=\"https:\/\/drdenizusumus.com\/fr\/infections-respiratoires\/\">Infections des voies respiratoires<\/a><\/h4>\n\t\t\t<div class=\"sc_services_item_subtitle\"><a href=\"https:\/\/drdenizusumus.com\/fr\/services_groupe\/maladies-pediatriques\/\" title=\"Voir tous les articles dans Maladies et traitements p\u00e9diatriques\">Maladies et traitements p\u00e9diatriques<\/a><\/div>\n\t\t<\/div>\n\t\t\t<\/div>\n<\/div>\n<\/div><div class=\"swiper-slide\"><div class=\"sc_services_item without_content with_image sc_services_item_featured_top\">\n\t<div class=\"post_featured with_thumb hover_icon sc_services_item_thumb\"><img loading=\"lazy\" decoding=\"async\" width=\"555\" height=\"360\" src=\"https:\/\/drdenizusumus.com\/wp-content\/uploads\/2023\/11\/egzama-555x360.jpg\" class=\"attachment-childhope-thumb-med size-childhope-thumb-med wp-post-image\" alt=\"Ecz\u00e9ma\" title=\"\"><div class=\"mask\"><\/div><div class=\"icons\"><a href=\"https:\/\/drdenizusumus.com\/fr\/eczema\/\" aria-hidden=\"true\" class=\"icon-link\"><\/a><\/div><\/div>\t\n\t<div class=\"sc_services_item_info\">\n\t\t<div class=\"sc_services_item_header\">\n\t\t\t<h4 class=\"sc_services_item_title\"><a href=\"https:\/\/drdenizusumus.com\/fr\/eczema\/\">Ecz\u00e9ma<\/a><\/h4>\n\t\t\t<div class=\"sc_services_item_subtitle\"><a href=\"https:\/\/drdenizusumus.com\/fr\/services_groupe\/maladies-pediatriques\/\" title=\"Voir tous les articles dans Maladies et traitements p\u00e9diatriques\">Maladies et traitements p\u00e9diatriques<\/a><\/div>\n\t\t<\/div>\n\t\t\t<\/div>\n<\/div>\n<\/div><div class=\"swiper-slide\"><div class=\"sc_services_item without_content with_image sc_services_item_featured_top\">\n\t<div class=\"post_featured with_thumb hover_icon sc_services_item_thumb\"><img loading=\"lazy\" decoding=\"async\" width=\"555\" height=\"360\" src=\"https:\/\/drdenizusumus.com\/wp-content\/uploads\/2023\/11\/Cocuklarda-Alerji-555x360.jpg\" class=\"attachment-childhope-thumb-med size-childhope-thumb-med wp-post-image\" alt=\"Allergie chez les enfants\" title=\"\"><div class=\"mask\"><\/div><div class=\"icons\"><a href=\"https:\/\/drdenizusumus.com\/fr\/allergies-chez-les-enfants\/\" aria-hidden=\"true\" class=\"icon-link\"><\/a><\/div><\/div>\t\n\t<div class=\"sc_services_item_info\">\n\t\t<div class=\"sc_services_item_header\">\n\t\t\t<h4 class=\"sc_services_item_title\"><a href=\"https:\/\/drdenizusumus.com\/fr\/allergies-chez-les-enfants\/\">Allergie chez les enfants<\/a><\/h4>\n\t\t\t<div class=\"sc_services_item_subtitle\"><a href=\"https:\/\/drdenizusumus.com\/fr\/services_groupe\/maladies-pediatriques\/\" title=\"Voir tous les articles dans Maladies et traitements p\u00e9diatriques\">Maladies et traitements p\u00e9diatriques<\/a><\/div>\n\t\t<\/div>\n\t\t\t<\/div>\n<\/div>\n<\/div><div class=\"swiper-slide\"><div class=\"sc_services_item without_content with_image sc_services_item_featured_top\">\n\t<div class=\"post_featured with_thumb hover_icon sc_services_item_thumb\"><img loading=\"lazy\" decoding=\"async\" width=\"555\" height=\"360\" src=\"https:\/\/drdenizusumus.com\/wp-content\/uploads\/2023\/11\/Alerjik-Oksuruk-555x360.jpg\" class=\"attachment-childhope-thumb-med size-childhope-thumb-med wp-post-image\" alt=\"Toux allergique\" title=\"\"><div class=\"mask\"><\/div><div class=\"icons\"><a href=\"https:\/\/drdenizusumus.com\/fr\/toux-allergique\/\" aria-hidden=\"true\" class=\"icon-link\"><\/a><\/div><\/div>\t\n\t<div class=\"sc_services_item_info\">\n\t\t<div class=\"sc_services_item_header\">\n\t\t\t<h4 class=\"sc_services_item_title\"><a href=\"https:\/\/drdenizusumus.com\/fr\/toux-allergique\/\">Toux allergique<\/a><\/h4>\n\t\t\t<div class=\"sc_services_item_subtitle\"><a href=\"https:\/\/drdenizusumus.com\/fr\/services_groupe\/maladies-pediatriques\/\" title=\"Voir tous les articles dans Maladies et traitements p\u00e9diatriques\">Maladies et traitements p\u00e9diatriques<\/a><\/div>\n\t\t<\/div>\n\t\t\t<\/div>\n<\/div>\n<\/div><div class=\"swiper-slide\"><div class=\"sc_services_item without_content with_image sc_services_item_featured_top\">\n\t<div class=\"post_featured with_thumb hover_icon sc_services_item_thumb\"><img loading=\"lazy\" decoding=\"async\" width=\"555\" height=\"360\" src=\"https:\/\/drdenizusumus.com\/wp-content\/uploads\/2023\/11\/Cocuklarda-Gecmeyen-Oksuruk-555x360.jpg\" class=\"attachment-childhope-thumb-med size-childhope-thumb-med wp-post-image\" alt=\"Toux persistante chez les enfants\" title=\"\"><div class=\"mask\"><\/div><div class=\"icons\"><a href=\"https:\/\/drdenizusumus.com\/fr\/toux-persistante-chez-les-enfants\/\" aria-hidden=\"true\" class=\"icon-link\"><\/a><\/div><\/div>\t\n\t<div class=\"sc_services_item_info\">\n\t\t<div class=\"sc_services_item_header\">\n\t\t\t<h4 class=\"sc_services_item_title\"><a href=\"https:\/\/drdenizusumus.com\/fr\/toux-persistante-chez-les-enfants\/\">Toux persistante chez les enfants<\/a><\/h4>\n\t\t\t<div class=\"sc_services_item_subtitle\"><a href=\"https:\/\/drdenizusumus.com\/fr\/services_groupe\/maladies-pediatriques\/\" title=\"Voir tous les articles dans Maladies et traitements p\u00e9diatriques\">Maladies et traitements p\u00e9diatriques<\/a><\/div>\n\t\t<\/div>\n\t\t\t<\/div>\n<\/div>\n<\/div><div class=\"swiper-slide\"><div class=\"sc_services_item without_content with_image sc_services_item_featured_top\">\n\t<div class=\"post_featured with_thumb hover_icon sc_services_item_thumb\"><img loading=\"lazy\" decoding=\"async\" width=\"555\" height=\"360\" src=\"https:\/\/drdenizusumus.com\/wp-content\/uploads\/2023\/11\/Idrar-Yolu-Enfeksiyonlari-555x360.jpg\" class=\"attachment-childhope-thumb-med size-childhope-thumb-med wp-post-image\" alt=\"Infections des voies urinaires\" title=\"\"><div class=\"mask\"><\/div><div class=\"icons\"><a href=\"https:\/\/drdenizusumus.com\/fr\/infections-des-voies-urinaires\/\" aria-hidden=\"true\" class=\"icon-link\"><\/a><\/div><\/div>\t\n\t<div class=\"sc_services_item_info\">\n\t\t<div class=\"sc_services_item_header\">\n\t\t\t<h4 class=\"sc_services_item_title\"><a href=\"https:\/\/drdenizusumus.com\/fr\/infections-des-voies-urinaires\/\">Infections des voies urinaires<\/a><\/h4>\n\t\t\t<div class=\"sc_services_item_subtitle\"><a href=\"https:\/\/drdenizusumus.com\/fr\/services_groupe\/maladies-pediatriques\/\" title=\"Voir tous les articles dans Maladies et traitements p\u00e9diatriques\">Maladies et traitements p\u00e9diatriques<\/a><\/div>\n\t\t<\/div>\n\t\t\t<\/div>\n<\/div>\n<\/div><div class=\"swiper-slide\"><div class=\"sc_services_item without_content with_image sc_services_item_featured_top\">\n\t<div class=\"post_featured with_thumb hover_icon sc_services_item_thumb\"><img loading=\"lazy\" decoding=\"async\" width=\"555\" height=\"360\" src=\"https:\/\/drdenizusumus.com\/wp-content\/uploads\/2023\/11\/Eritema-Enfeksiyozum-555x360.jpg\" class=\"attachment-childhope-thumb-med size-childhope-thumb-med wp-post-image\" alt=\"\u00c9ryth\u00e8me infectieux (5\u00e8me maladie)\" title=\"\"><div class=\"mask\"><\/div><div class=\"icons\"><a href=\"https:\/\/drdenizusumus.com\/fr\/erytheme-infectieux-5-maladies\/\" aria-hidden=\"true\" class=\"icon-link\"><\/a><\/div><\/div>\t\n\t<div class=\"sc_services_item_info\">\n\t\t<div class=\"sc_services_item_header\">\n\t\t\t<h4 class=\"sc_services_item_title\"><a href=\"https:\/\/drdenizusumus.com\/fr\/erytheme-infectieux-5-maladies\/\">\u00c9ryth\u00e8me infectieux (5\u00e8me maladie)<\/a><\/h4>\n\t\t\t<div class=\"sc_services_item_subtitle\"><a href=\"https:\/\/drdenizusumus.com\/fr\/services_groupe\/maladies-pediatriques\/\" title=\"Voir tous les articles dans Maladies et traitements p\u00e9diatriques\">Maladies et traitements p\u00e9diatriques<\/a><\/div>\n\t\t<\/div>\n\t\t\t<\/div>\n<\/div>\n<\/div><div class=\"swiper-slide\"><div class=\"sc_services_item without_content with_image sc_services_item_featured_top\">\n\t<div class=\"post_featured with_thumb hover_icon sc_services_item_thumb\"><img loading=\"lazy\" decoding=\"async\" width=\"555\" height=\"360\" src=\"https:\/\/drdenizusumus.com\/wp-content\/uploads\/2023\/11\/Roseola-Infantum-6.-Hastalik-555x360.jpg\" class=\"attachment-childhope-thumb-med size-childhope-thumb-med wp-post-image\" alt=\"Ros\u00e9ole infantile (6. Maladie)\" title=\"\"><div class=\"mask\"><\/div><div class=\"icons\"><a href=\"https:\/\/drdenizusumus.com\/fr\/roseole-infantile-6-maladies\/\" aria-hidden=\"true\" class=\"icon-link\"><\/a><\/div><\/div>\t\n\t<div class=\"sc_services_item_info\">\n\t\t<div class=\"sc_services_item_header\">\n\t\t\t<h4 class=\"sc_services_item_title\"><a href=\"https:\/\/drdenizusumus.com\/fr\/roseole-infantile-6-maladies\/\">Ros\u00e9ole infantile (6. Maladie)<\/a><\/h4>\n\t\t\t<div class=\"sc_services_item_subtitle\"><a href=\"https:\/\/drdenizusumus.com\/fr\/services_groupe\/maladies-pediatriques\/\" title=\"Voir tous les articles dans Maladies et traitements p\u00e9diatriques\">Maladies et traitements p\u00e9diatriques<\/a><\/div>\n\t\t<\/div>\n\t\t\t<\/div>\n<\/div>\n<\/div><div class=\"swiper-slide\"><div class=\"sc_services_item without_content with_image sc_services_item_featured_top\">\n\t<div class=\"post_featured with_thumb hover_icon sc_services_item_thumb\"><img loading=\"lazy\" decoding=\"async\" width=\"555\" height=\"360\" src=\"https:\/\/drdenizusumus.com\/wp-content\/uploads\/2023\/11\/Meningokoksemi-hastaligi-555x360.jpg\" class=\"attachment-childhope-thumb-med size-childhope-thumb-med wp-post-image\" alt=\"m\u00e9ningococc\u00e9mie\" title=\"\"><div class=\"mask\"><\/div><div class=\"icons\"><a href=\"https:\/\/drdenizusumus.com\/fr\/meningococcemie\/\" aria-hidden=\"true\" class=\"icon-link\"><\/a><\/div><\/div>\t\n\t<div class=\"sc_services_item_info\">\n\t\t<div class=\"sc_services_item_header\">\n\t\t\t<h4 class=\"sc_services_item_title\"><a href=\"https:\/\/drdenizusumus.com\/fr\/meningococcemie\/\">m\u00e9ningococc\u00e9mie<\/a><\/h4>\n\t\t\t<div class=\"sc_services_item_subtitle\"><a href=\"https:\/\/drdenizusumus.com\/fr\/services_groupe\/maladies-pediatriques\/\" title=\"Voir tous les articles dans Maladies et traitements p\u00e9diatriques\">Maladies et traitements p\u00e9diatriques<\/a><\/div>\n\t\t<\/div>\n\t\t\t<\/div>\n<\/div>\n<\/div><div class=\"swiper-slide\"><div class=\"sc_services_item without_content with_image sc_services_item_featured_top\">\n\t<div class=\"post_featured with_thumb hover_icon sc_services_item_thumb\"><img loading=\"lazy\" decoding=\"async\" width=\"555\" height=\"360\" src=\"https:\/\/drdenizusumus.com\/wp-content\/uploads\/2023\/11\/Kizil-Hastaligi-555x360.jpg\" class=\"attachment-childhope-thumb-med size-childhope-thumb-med wp-post-image\" alt=\"scarlatine\" title=\"\"><div class=\"mask\"><\/div><div class=\"icons\"><a href=\"https:\/\/drdenizusumus.com\/fr\/scarlatine\/\" aria-hidden=\"true\" class=\"icon-link\"><\/a><\/div><\/div>\t\n\t<div class=\"sc_services_item_info\">\n\t\t<div class=\"sc_services_item_header\">\n\t\t\t<h4 class=\"sc_services_item_title\"><a href=\"https:\/\/drdenizusumus.com\/fr\/scarlatine\/\">scarlatine<\/a><\/h4>\n\t\t\t<div class=\"sc_services_item_subtitle\"><a href=\"https:\/\/drdenizusumus.com\/fr\/services_groupe\/maladies-pediatriques\/\" title=\"Voir tous les articles dans Maladies et traitements p\u00e9diatriques\">Maladies et traitements p\u00e9diatriques<\/a><\/div>\n\t\t<\/div>\n\t\t\t<\/div>\n<\/div>\n<\/div><\/div><div class=\"slider_controls_wrap\"><a class=\"slider_prev swiper-button-prev\" href=\"#\"><\/a><a class=\"slider_next swiper-button-next\" href=\"#\"><\/a><\/div><\/div><\/div><\/div><!-- \/.sc_services --><\/div><\/div><\/div><\/div><div class=\"vc_row-full-width vc_clearfix\"><\/div>\n<\/section>","protected":false},"excerpt":{"rendered":"Qu\u2019est-ce que la scarlatine ? La scarlatine est une infection bact\u00e9rienne qui touche principalement les enfants. Elle est caus\u00e9e par la bact\u00e9rie Streptococcus pyogenes et se transmet facilement par voie a\u00e9rienne. Les sympt\u00f4mes de la scarlatine comprennent un mal de gorge, une forte fi\u00e8vre, une \u00e9ruption cutan\u00e9e rouge et rugueuse, une rougeur et un gonflement de la langue (\u00ab langue de framboise \u00bb). L&#039;\u00e9ruption cutan\u00e9e commence g\u00e9n\u00e9ralement d&#039;abord sur le cou et la poitrine et se propage \u00e0 d&#039;autres parties du corps. Si elle n\u2019est pas trait\u00e9e, elle peut entra\u00eener de graves complications\u2026","protected":false},"author":1,"featured_media":0,"parent":0,"menu_order":0,"comment_status":"closed","ping_status":"open","template":"","meta":{"footnotes":""},"class_list":["post-346","page","type-page","status-publish","hentry"],"_links":{"self":[{"href":"https:\/\/drdenizusumus.com\/fr\/wp-json\/wp\/v2\/pages\/346","targetHints":{"allow":["GET"]}}],"collection":[{"href":"https:\/\/drdenizusumus.com\/fr\/wp-json\/wp\/v2\/pages"}],"about":[{"href":"https:\/\/drdenizusumus.com\/fr\/wp-json\/wp\/v2\/types\/page"}],"author":[{"embeddable":true,"href":"https:\/\/drdenizusumus.com\/fr\/wp-json\/wp\/v2\/users\/1"}],"replies":[{"embeddable":true,"href":"https:\/\/drdenizusumus.com\/fr\/wp-json\/wp\/v2\/comments?post=346"}],"version-history":[{"count":0,"href":"https:\/\/drdenizusumus.com\/fr\/wp-json\/wp\/v2\/pages\/346\/revisions"}],"wp:attachment":[{"href":"https:\/\/drdenizusumus.com\/fr\/wp-json\/wp\/v2\/media?parent=346"}],"curies":[{"name":"wp","href":"https:\/\/api.w.org\/{rel}","templated":true}]}}